{"id":66,"date":"2025-01-28T11:44:09","date_gmt":"2025-01-28T10:44:09","guid":{"rendered":"https:\/\/anne-sechaud-consultants.fr\/?page_id=66"},"modified":"2025-01-28T11:44:09","modified_gmt":"2025-01-28T10:44:09","slug":"les-actions-de-formation","status":"publish","type":"page","link":"https:\/\/anne-sechaud-consultants.fr\/index.php\/les-actions-de-formation\/","title":{"rendered":"LES ACTIONS DE FORMATION"},"content":{"rendered":"\n<p><strong>MODALITES :<\/strong><\/p>\n\n\n\n<p>L\u2019ensemble de nos actions de formation concerne \u00e0 la fois le domaine comportemental et la gestion des comp\u00e9tences de l\u2019entreprise. <\/p>\n\n\n\n<p>Ci-apr\u00e8s quelques exemples :<\/p>\n\n\n\n<p>\u00b7 LE BILAN DE COMPETENCES<\/p>\n\n\n\n<p>\u00b7 OPTIMISATION DE SON POTENTIEL DE REUSSITE EN ENTREPRISE<\/p>\n\n\n\n<p>\u00b7 PREVENTION DU BURN OUT EN MILIEU PROFESSIONNEL<\/p>\n\n\n\n<p>\u00b7 MOTIVER SES COLLABORATEURS<\/p>\n\n\n\n<p>\u00b7 L\u2019ORGANISATION DANS LE TRAVAIL<\/p>\n\n\n\n<p>\u00b7 LA GESTION DU TEMPS<\/p>\n\n\n\n<p>\u00b7 LES FONDEMENTS D\u2019UNE COMMUNICATION POSITIVE<\/p>\n\n\n\n<p>\u00b7 REUSSIR DANS SES FONCTIONS DE MANAGER<\/p>\n\n\n\n<p>\u00b7 L\u2019ENTRETIEN ANNUEL D\u2019EVALUATION<\/p>\n\n\n\n<p>\u00b7 LA DELEGATION<\/p>\n\n\n\n<p>\u00b7 SE CONNAITRE POUR MIEUX COMMUNIQUER\u2026<\/p>\n\n\n\n<p>Nous \u00e9laborons \u00e9galement des formations sur mesure \u00e0 la demande des entreprises. Elles sont con\u00e7ues au cas par cas, m\u00eame en individuel, en fonction des besoins exprim\u00e9s par le donneur d\u2019ordre.<\/p>\n\n\n\n<p>Dans tous les cas l\u2019effort p\u00e9dagogique est port\u00e9 sur le lien fondamental entre le comportement des personnes au travail et le contexte \u00e9conomique de l\u2019entreprise.<\/p>\n\n\n\n<p><strong>RESULTATS :<\/strong><\/p>\n\n\n\n<p>Les b\u00e9n\u00e9ficiaires de l\u2019action de formation gagnent en motivation et en performance.<\/p>\n\n\n\n<p>L\u2019employeur s\u2019enrichit en enrichissant sa ressource humaine. Il diminue les doutes, les temps perdus, les questions sans r\u00e9ponse. <\/p>\n\n\n\n<p>L\u2019efficacit\u00e9 de l\u2019entreprise est ainsi renforc\u00e9e avec le bien-\u00eatre au travail de ses collaborateurs.<\/p>\n","protected":false},"excerpt":{"rendered":"<p>MODALITES : L\u2019ensemble de nos actions de formation concerne \u00e0 la fois le domaine comportemental et la gestion des comp\u00e9tences [&hellip;]<\/p>\n","protected":false},"author":1,"featured_media":0,"parent":0,"menu_order":0,"comment_status":"closed","ping_status":"closed","template":"","meta":{"site-sidebar-layout":"default","site-content-layout":"","ast-site-content-layout":"default","site-content-style":"default","site-sidebar-style":"default","ast-global-header-display":"","ast-banner-title-visibility":"","ast-main-header-display":"","ast-hfb-above-header-display":"","ast-hfb-below-header-display":"","ast-hfb-mobile-header-display":"","site-post-title":"","ast-breadcrumbs-content":"","ast-featured-img":"","footer-sml-layout":"","ast-disable-related-posts":"","theme-transparent-header-meta":"","adv-header-id-meta":"","stick-header-meta":"","header-above-stick-meta":"","header-main-stick-meta":"","header-below-stick-meta":"","astra-migrate-meta-layouts":"default","ast-page-background-enabled":"default","ast-page-background-meta":{"desktop":{"background-color":"var(--ast-global-color-5)","background-image":"","background-repeat":"repeat","background-position":"center center","background-size":"auto","background-attachment":"scroll","background-type":"","background-media":"","overlay-type":"","overlay-color":"","overlay-opacity":"","overlay-gradient":""},"tablet":{"background-color":"","background-image":"","background-repeat":"repeat","background-position":"center center","background-size":"auto","background-attachment":"scroll","background-type":"","background-media":"","overlay-type":"","overlay-color":"","overlay-opacity":"","overlay-gradient":""},"mobile":{"background-color":"","background-image":"","background-repeat":"repeat","background-position":"center center","background-size":"auto","background-attachment":"scroll","background-type":"","background-media":"","overlay-type":"","overlay-color":"","overlay-opacity":"","overlay-gradient":""}},"ast-content-background-meta":{"desktop":{"background-color":"var(--ast-global-color-4)","background-image":"","background-repeat":"repeat","background-position":"center center","background-size":"auto","background-attachment":"scroll","background-type":"","background-media":"","overlay-type":"","overlay-color":"","overlay-opacity":"","overlay-gradient":""},"tablet":{"background-color":"var(--ast-global-color-4)","background-image":"","background-repeat":"repeat","background-position":"center center","background-size":"auto","background-attachment":"scroll","background-type":"","background-media":"","overlay-type":"","overlay-color":"","overlay-opacity":"","overlay-gradient":""},"mobile":{"background-color":"var(--ast-global-color-4)","background-image":"","background-repeat":"repeat","background-position":"center center","background-size":"auto","background-attachment":"scroll","background-type":"","background-media":"","overlay-type":"","overlay-color":"","overlay-opacity":"","overlay-gradient":""}},"footnotes":""},"class_list":["post-66","page","type-page","status-publish","hentry"],"_links":{"self":[{"href":"https:\/\/anne-sechaud-consultants.fr\/index.php\/wp-json\/wp\/v2\/pages\/66","targetHints":{"allow":["GET"]}}],"collection":[{"href":"https:\/\/anne-sechaud-consultants.fr\/index.php\/wp-json\/wp\/v2\/pages"}],"about":[{"href":"https:\/\/anne-sechaud-consultants.fr\/index.php\/wp-json\/wp\/v2\/types\/page"}],"author":[{"embeddable":true,"href":"https:\/\/anne-sechaud-consultants.fr\/index.php\/wp-json\/wp\/v2\/users\/1"}],"replies":[{"embeddable":true,"href":"https:\/\/anne-sechaud-consultants.fr\/index.php\/wp-json\/wp\/v2\/comments?post=66"}],"version-history":[{"count":1,"href":"https:\/\/anne-sechaud-consultants.fr\/index.php\/wp-json\/wp\/v2\/pages\/66\/revisions"}],"predecessor-version":[{"id":67,"href":"https:\/\/anne-sechaud-consultants.fr\/index.php\/wp-json\/wp\/v2\/pages\/66\/revisions\/67"}],"wp:attachment":[{"href":"https:\/\/anne-sechaud-consultants.fr\/index.php\/wp-json\/wp\/v2\/media?parent=66"}],"curies":[{"name":"wp","href":"https:\/\/api.w.org\/{rel}","templated":true}]}}